{"id":37525,"date":"2026-03-17T14:44:31","date_gmt":"2026-03-17T14:44:31","guid":{"rendered":"https:\/\/www.leitao-irmao.com\/?post_type=product&#038;p=37525"},"modified":"2026-03-17T14:48:37","modified_gmt":"2026-03-17T14:48:37","slug":"salva-redonda-em-prata-com-azulejo-sao-valentim","status":"publish","type":"product","link":"https:\/\/www.leitao-irmao.com\/en\/product\/salva-redonda-em-prata-com-azulejo-sao-valentim\/","title":{"rendered":"Salva Redonda em prata com azulejo | S\u00e3o Valentim"},"content":{"rendered":"","protected":false},"excerpt":{"rendered":"<p><span data-sheets-value=\"{&quot;1&quot;:2,&quot;2&quot;:&quot;Apresentamos a Salva de Prata com Azulejo Portugu\u00eas da Leit\u00e3o &amp; Irm\u00e3o - uma fus\u00e3o de eleg\u00e2ncia e beleza refinada. Inspirada nos ic\u00f3nicos azulejos de Portugal, cada delicado azulejo pintado \u00e0 m\u00e3o reflete a heran\u00e7a hist\u00f3rica de Portugal e o seu meticuloso trabalho.nN\u00e3o \u00e9 apenas uma pe\u00e7a de arte da mesa deslumbrante, a Salva de Prata tem a sua funcionalidade pr\u00f3pria. Guarde as suas joias, exponha na mesa com aperitivos ou no seu toucador ou prateleira para acrescentar sofistica\u00e7\u00e3o a qualquer divis\u00e3o.nDescubra o trabalho manufaturado na Leit\u00e3o &amp; Irm\u00e3o e d\u00ea um toque de eleg\u00e2ncia \u00e0 sua casa.n&quot;}\" data-sheets-userformat=\"{&quot;2&quot;:14787,&quot;3&quot;:{&quot;1&quot;:0,&quot;3&quot;:1},&quot;4&quot;:{&quot;1&quot;:2,&quot;2&quot;:15987699},&quot;9&quot;:1,&quot;10&quot;:1,&quot;11&quot;:4,&quot;14&quot;:{&quot;1&quot;:3,&quot;3&quot;:1},&quot;15&quot;:&quot;Arial&quot;,&quot;16&quot;:10}\">Apresentamos a Salva de Prata com Azulejo da Leit\u00e3o &amp; Irm\u00e3o &#8211; uma fus\u00e3o de eleg\u00e2ncia e beleza refinada. Inspirada nos ic\u00f3nicos azulejos de Portugal, cada delicado azulejo pintado \u00e0 m\u00e3o reflete a heran\u00e7a hist\u00f3rica de Portugal e o seu meticuloso trabalho.<br \/>\nNot just a stunning piece of table art, the Silver Salver has its own functionality. Store your jewellery, display it on the table with aperitifs or on your dressing table or shelf to add sophistication to any room.<br \/>\nDiscover the workmanship of Leit\u00e3o &amp; Irm\u00e3o and add a touch of elegance to your home.<\/span><\/p>","protected":false},"featured_media":37526,"template":"","meta":{"_acf_changed":false},"product_brand":[],"product_cat":[235,70,74,349,123,72],"product_tag":[323,270],"class_list":{"0":"post-37525","1":"product","2":"type-product","3":"status-publish","4":"has-post-thumbnail","6":"product_cat-azulejo-portugues-decoracao-tradicao","7":"product_cat-casa-e-decoracao","8":"product_cat-decoracao","9":"product_cat-para-os-convidados","10":"product_cat-presentes-entre-150e-a-500e","11":"product_cat-tableware-and-dinnerware","12":"product_tag-novidades","13":"product_tag-prata","14":"pa_diametro-o-12cm","15":"pa_diametro-o-15-cm","17":"first","18":"instock","19":"shipping-taxable","20":"purchasable","21":"product-type-simple"},"acf":[],"yoast_head":"<!-- This site is optimized with the Yoast SEO plugin v25.4 - https:\/\/yoast.com\/wordpress\/plugins\/seo\/ -->\n<title>Salva Redonda em prata com azulejo | S\u00e3o Valentim | Leit\u00e3o &amp; Irm\u00e3o<\/title>\n<meta name=\"description\" content=\"Apresentamos a Salva de Prata com Azulejo Portugu\u00eas da Leit\u00e3o &amp; Irm\u00e3o. Cada delicado azulejo pintado \u00e0 m\u00e3o reflete a heran\u00e7a hist\u00f3rica de Portugal.\" \/>\n<meta name=\"robots\" content=\"index, follow, max-snippet:-1, max-image-preview:large, max-video-preview:-1\" \/>\n<link rel=\"canonical\" href=\"https:\/\/www.leitao-irmao.com\/en\/product\/salva-redonda-em-prata-com-azulejo-sao-valentim\/\" \/>\n<meta property=\"og:locale\" content=\"en_GB\" \/>\n<meta property=\"og:type\" content=\"article\" \/>\n<meta property=\"og:title\" content=\"Salva Redonda em prata com azulejo | S\u00e3o Valentim | Leit\u00e3o &amp; Irm\u00e3o\" \/>\n<meta property=\"og:description\" content=\"Apresentamos a Salva de Prata com Azulejo Portugu\u00eas da Leit\u00e3o &amp; Irm\u00e3o. Cada delicado azulejo pintado \u00e0 m\u00e3o reflete a heran\u00e7a hist\u00f3rica de Portugal.\" \/>\n<meta property=\"og:url\" content=\"https:\/\/www.leitao-irmao.com\/en\/product\/salva-redonda-em-prata-com-azulejo-sao-valentim\/\" \/>\n<meta property=\"og:site_name\" content=\"Leit\u00e3o &amp; Irm\u00e3o\" \/>\n<meta property=\"article:modified_time\" content=\"2026-03-17T14:48:37+00:00\" \/>\n<meta property=\"og:image\" content=\"https:\/\/www.leitao-irmao.com\/wp-content\/uploads\/2026\/03\/0801474.jpg\" \/>\n\t<meta property=\"og:image:width\" content=\"1536\" \/>\n\t<meta property=\"og:image:height\" content=\"1920\" \/>\n\t<meta property=\"og:image:type\" content=\"image\/jpeg\" \/>\n<meta name=\"twitter:card\" content=\"summary_large_image\" \/>\n<meta name=\"twitter:label1\" content=\"Estimated reading time\" \/>\n\t<meta name=\"twitter:data1\" content=\"1 minute\" \/>\n<script type=\"application\/ld+json\" class=\"yoast-schema-graph\">{\"@context\":\"https:\/\/schema.org\",\"@graph\":[{\"@type\":\"WebPage\",\"@id\":\"https:\/\/www.leitao-irmao.com\/product\/salva-redonda-em-prata-com-azulejo-sao-valentim\/\",\"url\":\"https:\/\/www.leitao-irmao.com\/product\/salva-redonda-em-prata-com-azulejo-sao-valentim\/\",\"name\":\"Salva Redonda em prata com azulejo | S\u00e3o Valentim | Leit\u00e3o &amp; Irm\u00e3o\",\"isPartOf\":{\"@id\":\"https:\/\/www.leitao-irmao.com\/#website\"},\"primaryImageOfPage\":{\"@id\":\"https:\/\/www.leitao-irmao.com\/product\/salva-redonda-em-prata-com-azulejo-sao-valentim\/#primaryimage\"},\"image\":{\"@id\":\"https:\/\/www.leitao-irmao.com\/product\/salva-redonda-em-prata-com-azulejo-sao-valentim\/#primaryimage\"},\"thumbnailUrl\":\"https:\/\/www.leitao-irmao.com\/wp-content\/uploads\/2026\/03\/0801474.jpg\",\"datePublished\":\"2026-03-17T14:44:31+00:00\",\"dateModified\":\"2026-03-17T14:48:37+00:00\",\"description\":\"Apresentamos a Salva de Prata com Azulejo Portugu\u00eas da Leit\u00e3o & Irm\u00e3o. Cada delicado azulejo pintado \u00e0 m\u00e3o reflete a heran\u00e7a hist\u00f3rica de Portugal.\",\"breadcrumb\":{\"@id\":\"https:\/\/www.leitao-irmao.com\/product\/salva-redonda-em-prata-com-azulejo-sao-valentim\/#breadcrumb\"},\"inLanguage\":\"en-GB\",\"potentialAction\":[{\"@type\":\"ReadAction\",\"target\":[\"https:\/\/www.leitao-irmao.com\/product\/salva-redonda-em-prata-com-azulejo-sao-valentim\/\"]}]},{\"@type\":\"ImageObject\",\"inLanguage\":\"en-GB\",\"@id\":\"https:\/\/www.leitao-irmao.com\/product\/salva-redonda-em-prata-com-azulejo-sao-valentim\/#primaryimage\",\"url\":\"https:\/\/www.leitao-irmao.com\/wp-content\/uploads\/2026\/03\/0801474.jpg\",\"contentUrl\":\"https:\/\/www.leitao-irmao.com\/wp-content\/uploads\/2026\/03\/0801474.jpg\",\"width\":1536,\"height\":1920},{\"@type\":\"BreadcrumbList\",\"@id\":\"https:\/\/www.leitao-irmao.com\/product\/salva-redonda-em-prata-com-azulejo-sao-valentim\/#breadcrumb\",\"itemListElement\":[{\"@type\":\"ListItem\",\"position\":1,\"name\":\"Home\",\"item\":\"https:\/\/www.leitao-irmao.com\/\"},{\"@type\":\"ListItem\",\"position\":2,\"name\":\"Products\",\"item\":\"https:\/\/www.leitao-irmao.com\/shop\/\"},{\"@type\":\"ListItem\",\"position\":3,\"name\":\"Salva Redonda em prata com azulejo | S\u00e3o Valentim\"}]},{\"@type\":\"WebSite\",\"@id\":\"https:\/\/www.leitao-irmao.com\/#website\",\"url\":\"https:\/\/www.leitao-irmao.com\/\",\"name\":\"Leit\u00e3o & Irm\u00e3o\",\"description\":\"Joalheiros desde 1822\",\"publisher\":{\"@id\":\"https:\/\/www.leitao-irmao.com\/#organization\"},\"potentialAction\":[{\"@type\":\"SearchAction\",\"target\":{\"@type\":\"EntryPoint\",\"urlTemplate\":\"https:\/\/www.leitao-irmao.com\/?s={search_term_string}\"},\"query-input\":{\"@type\":\"PropertyValueSpecification\",\"valueRequired\":true,\"valueName\":\"search_term_string\"}}],\"inLanguage\":\"en-GB\"},{\"@type\":\"Organization\",\"@id\":\"https:\/\/www.leitao-irmao.com\/#organization\",\"name\":\"Leit\u00e3o & Irm\u00e3o\",\"url\":\"https:\/\/www.leitao-irmao.com\/\",\"logo\":{\"@type\":\"ImageObject\",\"inLanguage\":\"en-GB\",\"@id\":\"https:\/\/www.leitao-irmao.com\/#\/schema\/logo\/image\/\",\"url\":\"https:\/\/www.leitao-irmao.com\/wp-content\/uploads\/2022\/11\/leitaoirmao-logo.png\",\"contentUrl\":\"https:\/\/www.leitao-irmao.com\/wp-content\/uploads\/2022\/11\/leitaoirmao-logo.png\",\"width\":426,\"height\":89,\"caption\":\"Leit\u00e3o & Irm\u00e3o\"},\"image\":{\"@id\":\"https:\/\/www.leitao-irmao.com\/#\/schema\/logo\/image\/\"}}]}<\/script>\n<!-- \/ Yoast SEO plugin. -->","yoast_head_json":{"title":"Salva Redonda em prata com azulejo | S\u00e3o Valentim | Leit\u00e3o &amp; Irm\u00e3o","description":"Apresentamos a Salva de Prata com Azulejo Portugu\u00eas da Leit\u00e3o & Irm\u00e3o. Cada delicado azulejo pintado \u00e0 m\u00e3o reflete a heran\u00e7a hist\u00f3rica de Portugal.","robots":{"index":"index","follow":"follow","max-snippet":"max-snippet:-1","max-image-preview":"max-image-preview:large","max-video-preview":"max-video-preview:-1"},"canonical":"https:\/\/www.leitao-irmao.com\/en\/product\/salva-redonda-em-prata-com-azulejo-sao-valentim\/","og_locale":"en_GB","og_type":"article","og_title":"Salva Redonda em prata com azulejo | S\u00e3o Valentim | Leit\u00e3o &amp; Irm\u00e3o","og_description":"Apresentamos a Salva de Prata com Azulejo Portugu\u00eas da Leit\u00e3o & Irm\u00e3o. Cada delicado azulejo pintado \u00e0 m\u00e3o reflete a heran\u00e7a hist\u00f3rica de Portugal.","og_url":"https:\/\/www.leitao-irmao.com\/en\/product\/salva-redonda-em-prata-com-azulejo-sao-valentim\/","og_site_name":"Leit\u00e3o &amp; Irm\u00e3o","article_modified_time":"2026-03-17T14:48:37+00:00","og_image":[{"width":1536,"height":1920,"url":"https:\/\/www.leitao-irmao.com\/wp-content\/uploads\/2026\/03\/0801474.jpg","type":"image\/jpeg"}],"twitter_card":"summary_large_image","twitter_misc":{"Estimated reading time":"1 minute"},"schema":{"@context":"https:\/\/schema.org","@graph":[{"@type":"WebPage","@id":"https:\/\/www.leitao-irmao.com\/product\/salva-redonda-em-prata-com-azulejo-sao-valentim\/","url":"https:\/\/www.leitao-irmao.com\/product\/salva-redonda-em-prata-com-azulejo-sao-valentim\/","name":"Salva Redonda em prata com azulejo | S\u00e3o Valentim | Leit\u00e3o &amp; Irm\u00e3o","isPartOf":{"@id":"https:\/\/www.leitao-irmao.com\/#website"},"primaryImageOfPage":{"@id":"https:\/\/www.leitao-irmao.com\/product\/salva-redonda-em-prata-com-azulejo-sao-valentim\/#primaryimage"},"image":{"@id":"https:\/\/www.leitao-irmao.com\/product\/salva-redonda-em-prata-com-azulejo-sao-valentim\/#primaryimage"},"thumbnailUrl":"https:\/\/www.leitao-irmao.com\/wp-content\/uploads\/2026\/03\/0801474.jpg","datePublished":"2026-03-17T14:44:31+00:00","dateModified":"2026-03-17T14:48:37+00:00","description":"Apresentamos a Salva de Prata com Azulejo Portugu\u00eas da Leit\u00e3o & Irm\u00e3o. Cada delicado azulejo pintado \u00e0 m\u00e3o reflete a heran\u00e7a hist\u00f3rica de Portugal.","breadcrumb":{"@id":"https:\/\/www.leitao-irmao.com\/product\/salva-redonda-em-prata-com-azulejo-sao-valentim\/#breadcrumb"},"inLanguage":"en-GB","potentialAction":[{"@type":"ReadAction","target":["https:\/\/www.leitao-irmao.com\/product\/salva-redonda-em-prata-com-azulejo-sao-valentim\/"]}]},{"@type":"ImageObject","inLanguage":"en-GB","@id":"https:\/\/www.leitao-irmao.com\/product\/salva-redonda-em-prata-com-azulejo-sao-valentim\/#primaryimage","url":"https:\/\/www.leitao-irmao.com\/wp-content\/uploads\/2026\/03\/0801474.jpg","contentUrl":"https:\/\/www.leitao-irmao.com\/wp-content\/uploads\/2026\/03\/0801474.jpg","width":1536,"height":1920},{"@type":"BreadcrumbList","@id":"https:\/\/www.leitao-irmao.com\/product\/salva-redonda-em-prata-com-azulejo-sao-valentim\/#breadcrumb","itemListElement":[{"@type":"ListItem","position":1,"name":"Home","item":"https:\/\/www.leitao-irmao.com\/"},{"@type":"ListItem","position":2,"name":"Products","item":"https:\/\/www.leitao-irmao.com\/shop\/"},{"@type":"ListItem","position":3,"name":"Salva Redonda em prata com azulejo | S\u00e3o Valentim"}]},{"@type":"WebSite","@id":"https:\/\/www.leitao-irmao.com\/#website","url":"https:\/\/www.leitao-irmao.com\/","name":"Leit\u00e3o & Irm\u00e3o","description":"Joalheiros desde 1822","publisher":{"@id":"https:\/\/www.leitao-irmao.com\/#organization"},"potentialAction":[{"@type":"SearchAction","target":{"@type":"EntryPoint","urlTemplate":"https:\/\/www.leitao-irmao.com\/?s={search_term_string}"},"query-input":{"@type":"PropertyValueSpecification","valueRequired":true,"valueName":"search_term_string"}}],"inLanguage":"en-GB"},{"@type":"Organization","@id":"https:\/\/www.leitao-irmao.com\/#organization","name":"Leit\u00e3o & Irm\u00e3o","url":"https:\/\/www.leitao-irmao.com\/","logo":{"@type":"ImageObject","inLanguage":"en-GB","@id":"https:\/\/www.leitao-irmao.com\/#\/schema\/logo\/image\/","url":"https:\/\/www.leitao-irmao.com\/wp-content\/uploads\/2022\/11\/leitaoirmao-logo.png","contentUrl":"https:\/\/www.leitao-irmao.com\/wp-content\/uploads\/2022\/11\/leitaoirmao-logo.png","width":426,"height":89,"caption":"Leit\u00e3o & Irm\u00e3o"},"image":{"@id":"https:\/\/www.leitao-irmao.com\/#\/schema\/logo\/image\/"}}]}},"_links":{"self":[{"href":"https:\/\/www.leitao-irmao.com\/en\/wp-json\/wp\/v2\/product\/37525","targetHints":{"allow":["GET"]}}],"collection":[{"href":"https:\/\/www.leitao-irmao.com\/en\/wp-json\/wp\/v2\/product"}],"about":[{"href":"https:\/\/www.leitao-irmao.com\/en\/wp-json\/wp\/v2\/types\/product"}],"version-history":[{"count":1,"href":"https:\/\/www.leitao-irmao.com\/en\/wp-json\/wp\/v2\/product\/37525\/revisions"}],"predecessor-version":[{"id":37527,"href":"https:\/\/www.leitao-irmao.com\/en\/wp-json\/wp\/v2\/product\/37525\/revisions\/37527"}],"wp:featuredmedia":[{"embeddable":true,"href":"https:\/\/www.leitao-irmao.com\/en\/wp-json\/wp\/v2\/media\/37526"}],"wp:attachment":[{"href":"https:\/\/www.leitao-irmao.com\/en\/wp-json\/wp\/v2\/media?parent=37525"}],"wp:term":[{"taxonomy":"product_brand","embeddable":true,"href":"https:\/\/www.leitao-irmao.com\/en\/wp-json\/wp\/v2\/product_brand?post=37525"},{"taxonomy":"product_cat","embeddable":true,"href":"https:\/\/www.leitao-irmao.com\/en\/wp-json\/wp\/v2\/product_cat?post=37525"},{"taxonomy":"product_tag","embeddable":true,"href":"https:\/\/www.leitao-irmao.com\/en\/wp-json\/wp\/v2\/product_tag?post=37525"}],"curies":[{"name":"wp","href":"https:\/\/api.w.org\/{rel}","templated":true}]}}